{"id":445,"date":"2023-07-24T13:33:53","date_gmt":"2023-07-24T11:33:53","guid":{"rendered":"https:\/\/www.faferi.hu\/?page_id=445"},"modified":"2024-02-22T16:54:48","modified_gmt":"2024-02-22T15:54:48","slug":"datenschutzerklaerung","status":"publish","type":"page","link":"https:\/\/www.faferi.hu\/de\/datenschutzerklaerung\/","title":{"rendered":"Datenschutzerkl\u00e4rung"},"content":{"rendered":"<p>Der Betreiber der Website www.faferi.hu ist die &#8222;FA-FERI&#8220; Kft. (im Folgenden: Verantwortlicher). W\u00e4hrend des Besuchs der Website und der Nutzung ihrer Dienste kann der Besucher (im Folgenden: Betroffener) personenbezogene Daten angeben. Der Zweck dieser Erkl\u00e4rung ist es, dass der Verantwortliche dem Benutzer der Website die Praxis der Datenverarbeitung personenbezogener Daten vorstellt, die organisatorischen und technischen Ma\u00dfnahmen zum Schutz seiner Daten erl\u00e4utert und den Betroffenen \u00fcber seine Rechte informiert.<\/p>\n<p>Der Verantwortliche verarbeitet w\u00e4hrend des Betriebs der Website www.faferi.hu (im Folgenden: Website) die personenbezogenen Daten des Betroffenen unter Ber\u00fccksichtigung folgender Gesetze:<\/p>\n<ul>\n<li>Verordnung (EU) 2016\/679 des Europ\u00e4ischen Parlaments und des Rates vom 27. April 2016 zum Schutz nat\u00fcrlicher Personen bei der Verarbeitung personenbezogener Daten und zum freien Datenverkehr sowie zur Aufhebung der Richtlinie 95\/46\/EG (Datenschutz-Grundverordnung, <strong>DSGVO<\/strong>)<\/li>\n<li>Gesetz CXII von 2011 \u00fcber das Recht auf Informationsselbstbestimmung und Informationsfreiheit (<strong>Infotv.<\/strong>)<\/li>\n<li>Gesetz CVIII von 2001 \u00fcber bestimmte Aspekte des elektronischen Handelsdienstes und der mit der Informationsgesellschaft verbundenen Dienste (<strong>Ektv.<\/strong>)<\/li>\n<li>Gesetz XLVIII von 2008 \u00fcber die grundlegenden Bedingungen und bestimmte Einschr\u00e4nkungen der Wirtschaftswerbung (<strong>Grt.<\/strong>)<\/li>\n<li>Gesetz C von 2003 \u00fcber die elektronische Kommunikation (<strong>Ehtv.<\/strong>)<\/li>\n<li>Gesetz CXIX von 1995 \u00fcber die Verarbeitung von Namen und Adressdaten zu Forschungs- und Direktmarketingzwecken<\/li>\n<\/ul>\n<p>Der Verantwortliche beh\u00e4lt sich das Recht vor, diese Datenschutzerkl\u00e4rung zu \u00e4ndern. Die aktualisierte Erkl\u00e4rung wird durch Ver\u00f6ffentlichung auf der Website wirksam.<\/p>\n<p><strong>I. Angaben zum Verantwortlichen<\/strong><\/p>\n<p><strong>I.1. Name und Kontaktinformationen des Verantwortlichen und seines Vertreters:<\/strong><\/p>\n<p><strong>Name und Kontaktinformationen des Verantwortlichen:<\/strong><\/p>\n<p><strong>\u201eFA-FERI\u201d Kft.<\/strong><\/p>\n<p>Sitz: 8800 Nagykanizsa, Magyar \u00fat 168.<br \/>\nSteuernummer: 11356020-2-20<br \/>\nE-Mail: <a href=\"mailto:info@faferi.hu\">info@faferi.hu<\/a><br \/>\nTelefon: +36 93 536 276<br \/>\nVertreter: Zolt\u00e1n Varga, Gesch\u00e4ftsf\u00fchrer, E-Mail: varga.zoltan@faferi.hu, Telefon: +36209751579<\/p>\n<p><strong>Kontaktinformationen der Auftragsverarbeiter:<\/strong><br \/>\nFirmenname: Lor\u00e9na Kft.,<br \/>\nSitz: 9700 Szombathely, V\u00edz\u00f6nt\u0151 u. 7.<br \/>\nSteuernummer: 23192238-2-18<br \/>\nE-Mail: <a href=\"mailto:info@lorenakft.hu\">info@lorenakft.hu<\/a>, Telefon: +36 30 4669796<br \/>\nVertreter: B\u00e1lint Varga<\/p>\n<p><strong>II. Zweck, Rechtsgrundlage und Dauer der Verarbeitung personenbezogener Daten<\/strong><\/p>\n<p><strong>II. Daten der Website-Besucher<\/strong><\/p>\n<p>Die Website des Datenverantwortlichen verwendet Cookies, um den Betrieb der Website zu gew\u00e4hrleisten, die Nutzung zu erleichtern, die Aktivit\u00e4ten auf der Website zu verfolgen und relevante Angebote anzuzeigen. Ein Cookie (auf Ungarisch &#8222;s\u00fcti&#8220;) ist ein kleines Datenpaket, das von Internetdiensten im Browser gespeichert wird. Es handelt sich um eine unverzichtbare Technologie f\u00fcr einen effizienten und modernen Benutzererlebnis in Online-Diensten, die von allen g\u00e4ngigen Browsern unterst\u00fctzt wird.<\/p>\n<p><strong>II.1 Cookies zur Gew\u00e4hrleistung der Grundfunktionalit\u00e4t<\/strong><\/p>\n<p>Diese Cookies gew\u00e4hrleisten die ordnungsgem\u00e4\u00dfe Funktion der Website, erleichtern deren Nutzung und sammeln Informationen \u00fcber die Nutzung ohne Identifizierung der Besucher.<\/p>\n<p>Dazu geh\u00f6ren beispielsweise der Status der Cookie-Zustimmung, Anmeldeverfahren und die Speicherung von Daten, der Status von Website-Benachrichtigungen und der reduzierte Funktionsumfang des Google Analytics-Codes.<\/p>\n<figure class=\"wp-block-table\">\n<table>\n<tbody>\n<tr>\n<td>Zweck der Datenverarbeitung<\/td>\n<td>Rechtsgrundlage der Datenverarbeitung<\/td>\n<td>Dauer der Datenverarbeitung<\/td>\n<td>Verarbeitete Datenkategorien<\/td>\n<\/tr>\n<tr>\n<td>Ektv. 13\/A (3)<\/td>\n<td>Sicherstellung des ordnungsgem\u00e4\u00dfen Betriebs der Website<\/td>\n<td>Sitzungscookies: bis zum Ende der Besuchersitzung<br \/>\nUnterst\u00fctzende Cookies f\u00fcr die Nutzung: 6 Monate<\/td>\n<td>\n<ul>\n<li>Informationen zur Annahme von Cookies<\/li>\n<li>Angemeldete Sitzung und Datenspeicherung<\/li>\n<li>Status von Website-Benachrichtigungen<\/li>\n<li>Eingeschr\u00e4nkte Funktionalit\u00e4t des Google Analytics-Codes usw.<\/li>\n<\/ul>\n<\/td>\n<\/tr>\n<\/tbody>\n<\/table>\n<\/figure>\n<p><strong>II.2 Cookies f\u00fcr statistische Zwecke<\/strong><\/p>\n<p>Zur Verbesserung der Website-Entwicklung und zur Steigerung der Benutzererfahrung verwendet der Datenverantwortliche auch Cookies f\u00fcr statistische Zwecke, die es ihm erm\u00f6glichen, Informationen dar\u00fcber zu sammeln, wie Besucher die Website nutzen. Diese Cookies k\u00f6nnen den Betroffenen nicht pers\u00f6nlich identifizieren, sondern sammeln Informationen wie die besuchten Seiten, auf welche Bereiche der Website der Benutzer geklickt hat, wie viele Seiten besucht wurden, wie lange die einzelnen Sitzungen dauerten und welche Fehlermeldungen auftraten.<\/p>\n<p>Zu solchen Leistungscookies geh\u00f6ren auch die Cookies von Google Analytics. Weitere Informationen zu den Cookies von Google Analytics finden Sie hier: https:\/\/developers.google.com\/analytics\/devguides\/collection\/analyticsjs\/cookie-usage.<\/p>\n<figure class=\"wp-block-table\">\n<table>\n<tbody>\n<tr>\n<td>Datenverarbeitung Rechtsgrundlage<\/td>\n<td>Datenverarbeitungszweck<\/td>\n<td>Datenverarbeitungsdauer<\/td>\n<td>Verarbeitete Datenkategorie<\/td>\n<\/tr>\n<tr>\n<td>Ihre Einwilligung<\/td>\n<td>Erfassung von Informationen dar\u00fcber, wie Besucher unsere Website nutzen<\/td>\n<td>Abh\u00e4ngig vom Cookie: &#8211; bis zum Ende der Sitzung &#8211; 2 Jahre &#8211; 24 Stunden &#8211; 1 Minute &#8211; 90 Tage<\/td>\n<td>Google Analytics-Code _ga _gid _gat gac&lt;property-id&gt;<\/td>\n<\/tr>\n<\/tbody>\n<\/table>\n<\/figure>\n<p><strong>II.3 Zielgerichtete und Werbe-Cookies<\/strong><\/p>\n<p>Diese Cookies haben zum Ziel, dass auf der Website Anzeigen erscheinen, die f\u00fcr den Besucher interessanter oder relevanter sind. Diese Cookies k\u00f6nnen den Betroffenen nicht pers\u00f6nlich identifizieren, sondern sammeln Informationen wie die besuchten Seiten, auf welche Bereiche der Website der Benutzer geklickt hat, wie viele Seiten besucht wurden, alles mit dem Ziel, Inhalte zu erkennen, die seinem Interesse entsprechen.<\/p>\n<p>Sofern der Besucher zuvor zugestimmt hat, k\u00f6nnen die vom Datenverantwortlichen w\u00e4hrend der Nutzung der Website gesammelten Informationen zusammen mit den pers\u00f6nlichen Daten des Betroffenen verwendet werden, um die Marketingkommunikation des Datenverantwortlichen noch besser an die Bed\u00fcrfnisse des Betroffenen anzupassen und ihn auf noch st\u00e4rker personalisierte Angebote aufmerksam zu machen.<\/p>\n<p>Auf der Website verwendet der Datenverantwortliche die Werbe-Cookies der folgenden Anbieter:<\/p>\n<p><strong>Google Adwords<br \/>\n<\/strong>Eine detaillierte Erkl\u00e4rung zum Service finden Sie unter folgendem Link: https:\/\/www.google.com\/intl\/hu\/policies\/privacy<\/p>\n<p><strong>Facebook<\/strong><br \/>\nEine detaillierte Erkl\u00e4rung zum Service finden Sie unter folgendem Link:<\/p>\n<p><a href=\"https:\/\/www.facebook.com\/help\/cookies\/\">https:\/\/www.facebook.com\/help\/cookies\/<\/a><\/p>\n<figure class=\"wp-block-table\">\n<table>\n<tbody>\n<tr>\n<td>Datenverarbeitung Rechtsgrundlage<\/td>\n<td>Datenverarbeitungszweck<\/td>\n<td>Datenverarbeitungszweck<\/td>\n<td>Verarbeitete Datenkategorie<\/td>\n<\/tr>\n<tr>\n<td>Ihre Einwilligung<\/td>\n<td>Anzeige relevanter Werbung, Erstellung und Speicherung von IDs<\/td>\n<td>Abh\u00e4ngig vom Cookie: &#8211; 90 Tage &#8211; 18 Monate &#8211; oder 2 Jahre<\/td>\n<td>&#8211; Google Adwords Konversionscode &#8211; Google Adwords Remarketing-Code &#8211; Google Analytics Remarketing-Funktion &#8211; Facebook-Konversionscode &#8211; Facebook-Remarketing-Code &#8211; DoubleClick Floodlight-Code &#8211; portalId<\/td>\n<\/tr>\n<\/tbody>\n<\/table>\n<\/figure>\n<p><strong>Hier sind die Anweisungen zum \u00dcberpr\u00fcfen und Deaktivieren von Cookies<\/strong><\/p>\n<p>Jeder moderne Browser erm\u00f6glicht das \u00c4ndern der Cookie-Einstellungen. Die meisten Browser akzeptieren Cookies standardm\u00e4\u00dfig automatisch, aber diese Einstellungen k\u00f6nnen in der Regel ge\u00e4ndert werden, um automatische Akzeptanz zu verhindern und Ihnen jedes Mal die Wahl zu geben, ob Sie Cookies zulassen m\u00f6chten.<\/p>\n<p>Bitte beachten Sie, dass das Verhindern oder L\u00f6schen von Cookies die Benutzerfreundlichkeit und Funktionalit\u00e4t unserer Website beeintr\u00e4chtigen kann, da Cookies dazu dienen, die Nutzung unserer Website zu erleichtern und zu erm\u00f6glichen. Es kann sein, dass Sie unsere Website nicht vollst\u00e4ndig nutzen k\u00f6nnen oder dass sie nicht wie geplant in Ihrem Browser funktioniert.<\/p>\n<p>Hier sind Links zu den Cookie-Einstellungen der beliebtesten Browser:<\/p>\n<ul>\n<li>Google Chrome: https:\/\/support.google.com\/chrome\/answer\/95647?hl=hu&amp;co=GENIE.Platform%3DDesktop<\/li>\n<li>Firefox: https:\/\/support.mozilla.org\/en-US\/kb\/enable-and-disable-cookies-website-preferences<\/li>\n<li>Microsoft Internet Explorer: https:\/\/support.microsoft.com\/hu-hu\/help\/17442\/windows-internet-explorer-delete-manage-cookies<\/li>\n<li>Microsoft Edge: https:\/\/privacy.microsoft.com\/en-us\/windows-10-microsoft-edge-and-privacy<\/li>\n<li>Safari: https:\/\/support.apple.com\/kb\/ph21411?locale=hu_HU<\/li>\n<\/ul>\n<p>Bitte folgen Sie den entsprechenden Anweisungen f\u00fcr Ihren Browser, um die Cookie-Einstellungen anzupassen.<\/p>\n<p>&nbsp;<\/p>\n<p><strong>II.2. Kontakt \u00fcber die Website und die Facebook-Seite<\/strong><\/p>\n<p>Der Datenverantwortliche bietet auf seiner Website keine M\u00f6glichkeit zur direkten Kontaktaufnahme \u00fcber die Website an, sondern nur \u00fcber die bereitgestellte E-Mail-Adresse und Telefonnummer. Besucher der Website k\u00f6nnen \u00fcber die angegebenen Kontaktinformationen mit dem Datenverantwortlichen in Kontakt treten, um Angebote einzuholen oder Informationen anzufordern. Der Datenverantwortliche bietet auf seiner Facebook-Seite jedem die M\u00f6glichkeit, Kontakt aufzunehmen und Informationen oder Angebote anzufordern. Die \u00fcber Online-Plattformen \u00fcbermittelten Daten werden vom Datenverantwortlichen nur verwendet, um mit der betroffenen Person bez\u00fcglich ihrer Anfrage in Kontakt zu treten, und um gegebenenfalls Vor-Ort- oder technische Bewertungen zu vereinbaren und Kostenvoranschl\u00e4ge zu erstellen.<\/p>\n<p><em>Zweck der Datenverarbeitung<\/em>: Kontaktierung durch den Datenverantwortlichen f\u00fcr Bestellungen und Angebotserstellung f\u00fcr die betroffene Person.<\/p>\n<p><em>Rechtsgrundlage der Datenverarbeitung<\/em>: Freiwillige Einwilligung der betroffenen Person gem\u00e4\u00df Artikel 6 Absatz 1 Buchstabe a) der DSGVO.<\/p>\n<p><em>Umfang der verarbeiteten Daten<\/em>: Die vom Betroffenen \u00fcbermittelte Nachricht und die angegebenen Daten (Name, Telefonnummer, E-Mail-Adresse, Betreff der Kontaktaufnahme).<\/p>\n<p><em>Dauer der Datenverarbeitung<\/em>: Bis zum Widerruf der Einwilligung durch die betroffene Person, bis zur Anforderung der L\u00f6schung, jedoch sp\u00e4testens f\u00fcr 1 Jahr; im Falle eines Vertragsabschlusses bis zur gesetzlich festgelegten Frist.<\/p>\n<p><em>Folgen der Nichtbereitstellung von Daten<\/em>: Die betroffene Person erh\u00e4lt keinen Kostenvoranschlag oder fachkundige Informationen.<\/p>\n<p><em>Auftragsverarbeiter<\/em>: Der Datenverantwortliche beauftragt Serverdienstleister als Auftragsverarbeiter: Die f\u00fcr den Betrieb der Website erforderlichen Daten werden auf den Servern des im angegebenen Unternehmen gespeicherten und betrieben, von denen Sicherungskopien erstellt werden, um die Sicherheit der Daten zu gew\u00e4hrleisten.<\/p>\n<figure class=\"wp-block-table\">\n<table>\n<tbody>\n<tr>\n<td>Firmenname<\/td>\n<td>Firmensitz<\/td>\n<td>Aufgaben des Auftragsverarbeiters, Grund f\u00fcr die Inanspruchnahme<\/td>\n<\/tr>\n<tr>\n<td>Cre-Art St\u00fadi\u00f3 Bt<\/td>\n<td>HU 8800 Nagykanizsa, Zr\u00ednyi Mikl\u00f3s utca 20\/B<\/td>\n<td>Serverdienstleistungen, Datenspeicherung<\/td>\n<\/tr>\n<tr>\n<td>DotRoll Kft.<\/td>\n<td>HU 1148 Budapest, Fogarasi \u00fat 3-5.<\/td>\n<td>Serverdienstleistungen, Datenspeicherung<\/td>\n<\/tr>\n<\/tbody>\n<\/table>\n<\/figure>\n<p><strong>IV. Gew\u00e4hrleistung des Schutzes personenbezogener Daten<\/strong><\/p>\n<p>Der Datenverantwortliche ist verpflichtet, in Bezug auf alle Zwecke und rechtlichen Grundlagen der Datenverarbeitung technische und organisatorische Ma\u00dfnahmen zu ergreifen sowie Verfahrensregeln festzulegen, die f\u00fcr die Umsetzung der Verordnung und des Infotv erforderlich sind, um die Sicherheit personenbezogener Daten zu gew\u00e4hrleisten.<\/p>\n<p>Der Datenverantwortliche sch\u00fctzt die Daten durch geeignete Ma\u00dfnahmen vor zuf\u00e4lliger oder unrechtm\u00e4\u00dfiger Zerst\u00f6rung, Verlust, \u00c4nderung, Besch\u00e4digung, unbefugter Offenlegung oder unbefugtem Zugriff.<\/p>\n<p>Der Datenverantwortliche betrachtet und behandelt personenbezogene Daten als vertraulich. Mitarbeiter werden zur Geheimhaltung in Bezug auf die Verarbeitung personenbezogener Daten verpflichtet, \u00fcber die sie eine Erkl\u00e4rung abgeben m\u00fcssen. Der Zugriff auf personenbezogene Daten wird durch die Vergabe von Berechtigungsstufen eingeschr\u00e4nkt.<\/p>\n<p>Der Datenverantwortliche sch\u00fctzt die Informationssysteme mit einer Firewall und stellt eine Virenschutzausr\u00fcstung bereit.<\/p>\n<p>Die elektronische Datenverarbeitung und -aufzeichnung erfolgt durch computergest\u00fctzte Programme, die den Anforderungen der Datensicherheit entsprechen. Das Programm stellt sicher, dass Daten nur zweckgebunden und unter kontrollierten Bedingungen von Personen abgerufen werden k\u00f6nnen, die zur Erf\u00fcllung ihrer Aufgaben darauf zugreifen m\u00fcssen.<\/p>\n<p><strong>V. Rechte der von der Datenverarbeitung betroffenen Personen<\/strong><\/p>\n<p>Die betroffene Person hat das Recht, vom Datenverantwortlichen Informationen \u00fcber die Umst\u00e4nde der Datenverarbeitung zu erhalten;<\/p>\n<p>die Berichtigung ihrer personenbezogenen Daten zu verlangen oder &#8211; unter den in der DSGVO festgelegten Bedingungen &#8211; deren L\u00f6schung zu beantragen;<\/p>\n<p>die Einschr\u00e4nkung der Datenverarbeitung zu beantragen;<\/p>\n<p>Informationen \u00fcber die Empf\u00e4nger zu erhalten, denen die personenbezogenen Daten offengelegt wurden;<\/p>\n<p>Zugang zu ihren personenbezogenen Daten zu erhalten;<\/p>\n<p>das Recht auf Daten\u00fcbertragbarkeit auszu\u00fcben (unter den in der DSGVO festgelegten Bedingungen);<\/p>\n<p>der Verarbeitung personenbezogener Daten, die auf legitimen Interessen beruht, zu widersprechen.<\/p>\n<p>Die betroffene Person kann ihre Anfragen zu den oben genannten Rechten schriftlich oder elektronisch an den Datenverantwortlichen richten, indem sie eine der im Abschnitt I. angegebenen Kontaktm\u00f6glichkeiten verwendet.<\/p>\n<p>Der Datenverantwortliche trifft innerhalb von einem Monat nach Eingang der Anfrage, sp\u00e4testens jedoch innerhalb von einem Monat, um zu entscheiden, und informiert die betroffene Person \u00fcber die getroffenen Ma\u00dfnahmen im Zusammenhang mit der Anfrage oder, sofern keine Ma\u00dfnahmen ergriffen werden, \u00fcber die Gr\u00fcnde daf\u00fcr sowie \u00fcber die M\u00f6glichkeit, bei der Aufsichtsbeh\u00f6rde Beschwerde einzureichen oder Rechtsbehelfe vor Gericht einzulegen.<\/p>\n<p>Die Frist kann gegebenenfalls um weitere zwei Monate verl\u00e4ngert werden, wenn dies aufgrund der Komplexit\u00e4t der Anfrage und der Anzahl der Anfragen erforderlich ist. Der Datenverantwortliche informiert den Antragsteller innerhalb eines Monats nach Eingang des Antrags \u00fcber die Gr\u00fcnde f\u00fcr die Verl\u00e4ngerung der Frist.<\/p>\n<p>Wenn das Ersuchen der betroffenen Person offensichtlich unbegr\u00fcndet oder \u00fcberm\u00e4\u00dfig ist, kann der Datenverantwortliche eine Geb\u00fchr erheben oder die Ma\u00dfnahme verweigern.<\/p>\n<p><strong>V.1. Recht auf Information f\u00fcr betroffene Personen<\/strong><\/p>\n<p>Der Datenverantwortliche ergreift Ma\u00dfnahmen, um sicherzustellen, dass die betroffene Person gem\u00e4\u00df Artikel 13 der DSGVO alle Informationen zur Verarbeitung personenbezogener Daten zur Verf\u00fcgung gestellt bekommt.<\/p>\n<p>Sofern die bereitgestellten Daten nicht vom Betroffenen stammen, erfolgt die Beschaffung der Daten stets gem\u00e4\u00df dem anwendbaren Unions- oder Mitgliedstaatsrecht.<\/p>\n<p><strong>V.2. Recht auf Zugang f\u00fcr betroffene Personen<\/strong><\/p>\n<p>Az \u00c9rintett szem\u00e9lyazonoss\u00e1g\u00e1nak igazol\u00e1s\u00e1t k\u00f6vet\u0151en jogosult arra, hogy az Adatkezel\u0151t\u0151l visszajelz\u00e9st kapjon a szem\u00e9lyes adatainak kezel\u00e9s\u00e9r\u0151l. A hozz\u00e1f\u00e9r\u00e9si jog gyakorl\u00e1s\u00e1val \u00f6sszef\u00fcgg\u0151 t\u00e1j\u00e9koztat\u00e1st az Adatkezel\u0151 \u00edr\u00e1sban, postai vagy elektronikus \u00faton adja meg.<\/p>\n<p><strong>V.3. Recht auf Berichtigung und L\u00f6schung<\/strong><\/p>\n<p>Die betroffene Person kann verlangen, dass der Datenverantwortliche unrichtige personenbezogene Daten berichtigt.<\/p>\n<p>Die betroffene Person hat das Recht, auf Antrag hin unverz\u00fcglich die L\u00f6schung ihrer personenbezogenen Daten zu verlangen. Der Datenverantwortliche ist verpflichtet, personenbezogene Daten zu l\u00f6schen, wenn:<\/p>\n<ul>\n<li>die personenbezogenen Daten f\u00fcr die Zwecke, f\u00fcr die sie erhoben oder auf sonstige Weise verarbeitet wurden, nicht mehr notwendig sind;<\/li>\n<li>die betroffene Person ihre Einwilligung widerruft und es keine andere Rechtsgrundlage f\u00fcr die Verarbeitung gibt;<\/li>\n<li>die betroffene Person der Verarbeitung widerspricht und keine vorrangigen berechtigten Gr\u00fcnde f\u00fcr die Verarbeitung vorliegen;<\/li>\n<li>die personenbezogenen Daten unrechtm\u00e4\u00dfig verarbeitet wurden.<\/li>\n<\/ul>\n<p>Das Recht auf L\u00f6schung kann unter anderem nicht ausge\u00fcbt werden, wenn die Verarbeitung der personenbezogenen Daten<\/p>\n<ul>\n<li>zur Erf\u00fcllung einer rechtlichen Verpflichtung erforderlich ist, der der Datenverantwortliche unterliegt,<\/li>\n<li>zur Geltendmachung, Aus\u00fcbung oder Verteidigung von Rechtsanspr\u00fcchen erforderlich ist.<\/li>\n<\/ul>\n<p><strong>V.4. Recht auf Einschr\u00e4nkung der Verarbeitung<\/strong><\/p>\n<p>Die betroffene Person hat das Recht, auf Antrag die Einschr\u00e4nkung der Verarbeitung ihrer personenbezogenen Daten zu verlangen, wenn:<\/p>\n<ul>\n<li>die betroffene Person die Richtigkeit der personenbezogenen Daten bestreitet (solange der Datenverantwortliche die Richtigkeit der Daten \u00fcberpr\u00fcft);<\/li>\n<li>die Verarbeitung unrechtm\u00e4\u00dfig ist und die betroffene Person der L\u00f6schung der Daten widerspricht;<\/li>\n<li>der Datenverantwortliche die personenbezogenen Daten nicht mehr f\u00fcr die Zwecke der Verarbeitung ben\u00f6tigt, die betroffene Person jedoch die Daten zur Geltendmachung, Aus\u00fcbung oder Verteidigung von Rechtsanspr\u00fcchen ben\u00f6tigt;<\/li>\n<li>die betroffene Person Widerspruch gegen die Verarbeitung eingelegt hat (solange der Datenverantwortliche \u00fcber den Widerspruch entscheidet).<\/li>\n<\/ul>\n<p>W\u00e4hrend der Einschr\u00e4nkung d\u00fcrfen die personenbezogenen Daten nur mit Einwilligung der betroffenen Person oder zur Geltendmachung, Aus\u00fcbung oder Verteidigung von Rechtsanspr\u00fcchen oder zum Schutz der Rechte einer anderen nat\u00fcrlichen oder juristischen Person oder aus Gr\u00fcnden eines wichtigen \u00f6ffentlichen Interesses der Union oder eines Mitgliedstaats weiterverarbeitet werden.<\/p>\n<p><strong>V.5. Recht auf Widerspruch<\/strong><\/p>\n<p>Die betroffene Person hat das Recht, der Verarbeitung ihrer personenbezogenen Daten zu widersprechen, wenn diese aufgrund eines berechtigten Interesses des Datenverantwortlichen erfolgt. In diesem Fall darf der Datenverantwortliche die Daten nur weiterverarbeiten, wenn er nachweist, dass zwingende schutzw\u00fcrdige Gr\u00fcnde f\u00fcr die Verarbeitung vorliegen, die die Interessen, Rechte und Freiheiten der betroffenen Person \u00fcberwiegen, oder wenn die Verarbeitung der Geltendmachung, Aus\u00fcbung oder Verteidigung von Rechtsanspr\u00fcchen dient.<\/p>\n<p><strong>V.6. Recht auf Daten\u00fcbertragbarkeit<\/strong><\/p>\n<p>Die betroffene Person hat das Recht, die sie betreffenden personenbezogenen Daten, die sie einem Datenverantwortlichen bereitgestellt hat, in einem strukturierten, g\u00e4ngigen und maschinenlesbaren Format zu erhalten, und sie hat das Recht, diese Daten einem anderen Datenverantwortlichen ohne Behinderung durch den Datenverantwortlichen, dem die personenbezogenen Daten bereitgestellt wurden, zu \u00fcbermitteln, sofern<\/p>\n<ul>\n<li>die Verarbeitung auf einer Einwilligung oder einem Vertrag beruht; und<\/li>\n<li>die Verarbeitung mithilfe automatisierter Verfahren erfolgt.<\/li>\n<\/ul>\n<p><strong>VI. Verfahren zur Rechtsbehelfsaus\u00fcbung<\/strong><\/p>\n<p><strong>VI. 1. Beschwerde beim Datenschutzbeauftragten einreichen<\/strong><\/p>\n<p>Wenn Sie eine Beschwerde im Zusammenhang mit der Verarbeitung Ihrer personenbezogenen Daten haben m\u00f6chten, wenden Sie sich bitte an den Datenschutzbeauftragten unter einer der folgenden Kontaktm\u00f6glichkeiten:<\/p>\n<p><strong>\u201eFA-FERI\u201d Kft.<\/strong><\/p>\n<p>Adresse: 8800 Nagykanizsa, Magyar \u00fat 168.<br \/>\nSteuernummer: 11356020-2-20<br \/>\nE-Mail: <a href=\"mailto:info@faferi.hu\">info@faferi.hu<\/a><br \/>\nTelefon: +36 93 536 276<br \/>\nVertreter: Zolt\u00e1n Varga, Gesch\u00e4ftsf\u00fchrer, E-Mail: varga.zoltan@faferi.hu, Telefon: +36209751579<\/p>\n<p><strong>Datenschutzbeauftragter:<\/strong> B\u00e1lint Varga, adatvedelem@faferi.hu, +36304669796<\/p>\n<p><strong>VI. 2. Einleitung eines Gerichtsverfahrens<\/strong><\/p>\n<p>Wenn Sie sich im Zusammenhang mit der Aus\u00fcbung Ihrer Rechte oder der Verarbeitung Ihrer personenbezogenen Daten von einem Rechtsversto\u00df betroffen f\u00fchlen, k\u00f6nnen Sie eine Zivilklage gegen den Datenverantwortlichen einleiten. Die Zust\u00e4ndigkeit f\u00fcr die Entscheidung liegt beim Gericht. Das Verfahren kann vor dem Gericht am Wohn- oder Aufenthaltsort des Betroffenen eingeleitet werden. Das Gericht entscheidet \u00fcber den Fall vorrangig. Bei Feststellung eines Versto\u00dfes k\u00f6nnen Sie Schadenersatz und Schmerzensgeld verlangen, und das Gericht kann den Datenverantwortlichen zur Erf\u00fcllung der Rechte des Betroffenen verpflichten.<\/p>\n<p>Weitere Informationen und die Kontaktdaten der Gerichte finden Sie unter folgendem Link: <a href=\"http:\/\/birosag.hu\/torvenyszekek\">http:\/\/birosag.hu\/torvenyszekek<\/a><\/p>\n<p><strong>VI. 3. Beschwerde bei der Aufsichtsbeh\u00f6rde einreichen<\/strong><\/p>\n<p>Wenn Sie sich durch die Verarbeitung personenbezogener Daten verletzt f\u00fchlen, k\u00f6nnen Sie sich mit Ihrer Beschwerde an die Nationale Datenschutz- und Informationsfreiheitsbeh\u00f6rde wenden.<\/p>\n<p>Kontaktdaten der Beh\u00f6rde:<br \/>\nE-Mail: ugyfelszolgalat@naih.hu<br \/>\nTelefon: +3613911400<br \/>\nPostanschrift: 1530 Budapest, Pf.: 5.<br \/>\nWebsite: <a href=\"https:\/\/www.naih.hu\" target=\"_blank\" rel=\"noopener\">www.naih.hu<\/a><\/p>\n<p>Nagykanizsa, 28. April 2022.<\/p>\n","protected":false},"excerpt":{"rendered":"<p>Der Betreiber der Website www.faferi.hu ist die &#8222;FA-FERI&#8220; Kft. (im Folgenden: Verantwortlicher). W\u00e4hrend des Besuchs der Website und der Nutzung ihrer Dienste kann der Besucher (im Folgenden: Betroffener) personenbezogene Daten angeben. Der Zweck dieser Erkl\u00e4rung ist es, dass der Verantwortliche dem Benutzer der Website die Praxis der Datenverarbeitung personenbezogener Daten vorstellt, die organisatorischen und technischen [&hellip;]<\/p>\n","protected":false},"author":1,"featured_media":0,"parent":0,"menu_order":0,"comment_status":"closed","ping_status":"closed","template":"","meta":{"footnotes":""},"class_list":["post-445","page","type-page","status-publish","hentry"],"yoast_head":"<!-- This site is optimized with the Yoast SEO plugin v26.7 - https:\/\/yoast.com\/wordpress\/plugins\/seo\/ -->\n<title>Datenschutzerkl\u00e4rung - Fa-feri Kft.<\/title>\n<meta name=\"robots\" content=\"index, follow, max-snippet:-1, max-image-preview:large, max-video-preview:-1\" \/>\n<link rel=\"canonical\" href=\"https:\/\/www.faferi.hu\/de\/datenschutzerklaerung\/\" \/>\n<meta property=\"og:locale\" content=\"de_DE\" \/>\n<meta property=\"og:type\" content=\"article\" \/>\n<meta property=\"og:title\" content=\"Datenschutzerkl\u00e4rung - Fa-feri Kft.\" \/>\n<meta property=\"og:description\" content=\"Der Betreiber der Website www.faferi.hu ist die &#8222;FA-FERI&#8220; Kft. (im Folgenden: Verantwortlicher). W\u00e4hrend des Besuchs der Website und der Nutzung ihrer Dienste kann der Besucher (im Folgenden: Betroffener) personenbezogene Daten angeben. Der Zweck dieser Erkl\u00e4rung ist es, dass der Verantwortliche dem Benutzer der Website die Praxis der Datenverarbeitung personenbezogener Daten vorstellt, die organisatorischen und technischen [&hellip;]\" \/>\n<meta property=\"og:url\" content=\"https:\/\/www.faferi.hu\/de\/datenschutzerklaerung\/\" \/>\n<meta property=\"og:site_name\" content=\"Fa-feri Kft.\" \/>\n<meta property=\"article:publisher\" content=\"https:\/\/www.facebook.com\/faferikft\" \/>\n<meta property=\"article:modified_time\" content=\"2024-02-22T15:54:48+00:00\" \/>\n<meta name=\"twitter:card\" content=\"summary_large_image\" \/>\n<meta name=\"twitter:label1\" content=\"Gesch\u00e4tzte Lesezeit\" \/>\n\t<meta name=\"twitter:data1\" content=\"13\u00a0Minuten\" \/>\n<script type=\"application\/ld+json\" class=\"yoast-schema-graph\">{\"@context\":\"https:\/\/schema.org\",\"@graph\":[{\"@type\":\"WebPage\",\"@id\":\"https:\/\/www.faferi.hu\/de\/datenschutzerklaerung\/\",\"url\":\"https:\/\/www.faferi.hu\/de\/datenschutzerklaerung\/\",\"name\":\"Datenschutzerkl\u00e4rung - Fa-feri Kft.\",\"isPartOf\":{\"@id\":\"https:\/\/www.faferi.hu\/de\/#website\"},\"datePublished\":\"2023-07-24T11:33:53+00:00\",\"dateModified\":\"2024-02-22T15:54:48+00:00\",\"inLanguage\":\"de\",\"potentialAction\":[{\"@type\":\"ReadAction\",\"target\":[\"https:\/\/www.faferi.hu\/de\/datenschutzerklaerung\/\"]}]},{\"@type\":\"WebSite\",\"@id\":\"https:\/\/www.faferi.hu\/de\/#website\",\"url\":\"https:\/\/www.faferi.hu\/de\/\",\"name\":\"Fa-feri Kft.\",\"description\":\"\",\"publisher\":{\"@id\":\"https:\/\/www.faferi.hu\/de\/#organization\"},\"potentialAction\":[{\"@type\":\"SearchAction\",\"target\":{\"@type\":\"EntryPoint\",\"urlTemplate\":\"https:\/\/www.faferi.hu\/de\/?s={search_term_string}\"},\"query-input\":{\"@type\":\"PropertyValueSpecification\",\"valueRequired\":true,\"valueName\":\"search_term_string\"}}],\"inLanguage\":\"de\"},{\"@type\":\"Organization\",\"@id\":\"https:\/\/www.faferi.hu\/de\/#organization\",\"name\":\"Fa-feri Kft.\",\"url\":\"https:\/\/www.faferi.hu\/de\/\",\"logo\":{\"@type\":\"ImageObject\",\"inLanguage\":\"de\",\"@id\":\"https:\/\/www.faferi.hu\/de\/#\/schema\/logo\/image\/\",\"url\":\"https:\/\/www.faferi.hu\/files\/fa-feri_logo.png\",\"contentUrl\":\"https:\/\/www.faferi.hu\/files\/fa-feri_logo.png\",\"width\":512,\"height\":512,\"caption\":\"Fa-feri Kft.\"},\"image\":{\"@id\":\"https:\/\/www.faferi.hu\/de\/#\/schema\/logo\/image\/\"},\"sameAs\":[\"https:\/\/www.facebook.com\/faferikft\"]}]}<\/script>\n<!-- \/ Yoast SEO plugin. -->","yoast_head_json":{"title":"Datenschutzerkl\u00e4rung - Fa-feri Kft.","robots":{"index":"index","follow":"follow","max-snippet":"max-snippet:-1","max-image-preview":"max-image-preview:large","max-video-preview":"max-video-preview:-1"},"canonical":"https:\/\/www.faferi.hu\/de\/datenschutzerklaerung\/","og_locale":"de_DE","og_type":"article","og_title":"Datenschutzerkl\u00e4rung - Fa-feri Kft.","og_description":"Der Betreiber der Website www.faferi.hu ist die &#8222;FA-FERI&#8220; Kft. (im Folgenden: Verantwortlicher). W\u00e4hrend des Besuchs der Website und der Nutzung ihrer Dienste kann der Besucher (im Folgenden: Betroffener) personenbezogene Daten angeben. Der Zweck dieser Erkl\u00e4rung ist es, dass der Verantwortliche dem Benutzer der Website die Praxis der Datenverarbeitung personenbezogener Daten vorstellt, die organisatorischen und technischen [&hellip;]","og_url":"https:\/\/www.faferi.hu\/de\/datenschutzerklaerung\/","og_site_name":"Fa-feri Kft.","article_publisher":"https:\/\/www.facebook.com\/faferikft","article_modified_time":"2024-02-22T15:54:48+00:00","twitter_card":"summary_large_image","twitter_misc":{"Gesch\u00e4tzte Lesezeit":"13\u00a0Minuten"},"schema":{"@context":"https:\/\/schema.org","@graph":[{"@type":"WebPage","@id":"https:\/\/www.faferi.hu\/de\/datenschutzerklaerung\/","url":"https:\/\/www.faferi.hu\/de\/datenschutzerklaerung\/","name":"Datenschutzerkl\u00e4rung - Fa-feri Kft.","isPartOf":{"@id":"https:\/\/www.faferi.hu\/de\/#website"},"datePublished":"2023-07-24T11:33:53+00:00","dateModified":"2024-02-22T15:54:48+00:00","inLanguage":"de","potentialAction":[{"@type":"ReadAction","target":["https:\/\/www.faferi.hu\/de\/datenschutzerklaerung\/"]}]},{"@type":"WebSite","@id":"https:\/\/www.faferi.hu\/de\/#website","url":"https:\/\/www.faferi.hu\/de\/","name":"Fa-feri Kft.","description":"","publisher":{"@id":"https:\/\/www.faferi.hu\/de\/#organization"},"potentialAction":[{"@type":"SearchAction","target":{"@type":"EntryPoint","urlTemplate":"https:\/\/www.faferi.hu\/de\/?s={search_term_string}"},"query-input":{"@type":"PropertyValueSpecification","valueRequired":true,"valueName":"search_term_string"}}],"inLanguage":"de"},{"@type":"Organization","@id":"https:\/\/www.faferi.hu\/de\/#organization","name":"Fa-feri Kft.","url":"https:\/\/www.faferi.hu\/de\/","logo":{"@type":"ImageObject","inLanguage":"de","@id":"https:\/\/www.faferi.hu\/de\/#\/schema\/logo\/image\/","url":"https:\/\/www.faferi.hu\/files\/fa-feri_logo.png","contentUrl":"https:\/\/www.faferi.hu\/files\/fa-feri_logo.png","width":512,"height":512,"caption":"Fa-feri Kft."},"image":{"@id":"https:\/\/www.faferi.hu\/de\/#\/schema\/logo\/image\/"},"sameAs":["https:\/\/www.facebook.com\/faferikft"]}]}},"_links":{"self":[{"href":"https:\/\/www.faferi.hu\/de\/wp-json\/wp\/v2\/pages\/445","targetHints":{"allow":["GET"]}}],"collection":[{"href":"https:\/\/www.faferi.hu\/de\/wp-json\/wp\/v2\/pages"}],"about":[{"href":"https:\/\/www.faferi.hu\/de\/wp-json\/wp\/v2\/types\/page"}],"author":[{"embeddable":true,"href":"https:\/\/www.faferi.hu\/de\/wp-json\/wp\/v2\/users\/1"}],"replies":[{"embeddable":true,"href":"https:\/\/www.faferi.hu\/de\/wp-json\/wp\/v2\/comments?post=445"}],"version-history":[{"count":0,"href":"https:\/\/www.faferi.hu\/de\/wp-json\/wp\/v2\/pages\/445\/revisions"}],"wp:attachment":[{"href":"https:\/\/www.faferi.hu\/de\/wp-json\/wp\/v2\/media?parent=445"}],"curies":[{"name":"wp","href":"https:\/\/api.w.org\/{rel}","templated":true}]}}